{"id":1556,"date":"2019-09-25T17:57:54","date_gmt":"2019-09-25T20:57:54","guid":{"rendered":"https:\/\/www.prowebsrl.com\/wp07\/catalogo\/?post_type=product&#038;p=1556"},"modified":"2024-09-03T13:12:04","modified_gmt":"2024-09-03T16:12:04","slug":"sofa-yuanyue","status":"publish","type":"product","link":"https:\/\/www.casanunez.com.ar\/catalogo\/producto\/sofa-yuanyue\/","title":{"rendered":"Sof\u00e1 Yuanyue individual"},"content":{"rendered":"<h6>Caracter\u00edsticas:<br \/>\n&#8211; Estructura de Aluminio con tratamiento de pintura epoxi secado a altas temperaturas para su mayor durabilidad a la intemperie<br \/>\n&#8211; Con Ratan sint\u00e9tico el cual tiene un tratamiento anti UV para protegerlo del deterioro causado por la exposici\u00f3n al sol, este ratan sint\u00e9tico est\u00e1 constituido por PVC virgen para evitar el desgaste prematuro por los factores clim\u00e1ticos: lluvia-humedad-smog, etc.<br \/>\n&#8211; Tacos en Acero inoxidable<br \/>\n&#8211; Cuenta con tapicer\u00eda en telas acr\u00edlicas Sunbrella resistentes a la intemperie, el relleno est\u00e1 constituido por espuma de poliuretano de alta densidad que evita su deformaci\u00f3n por el uso luego la misma es forrada por placas de guata y todo contenido por una doble funda de fiselina que permite desarmar el almohad\u00f3n y proceder a su lavado sin que por ello se deforme el relleno<\/h6>\n<h6>\n&#8211; Colores Disponibles del Ratan: Blanco-Negro y Taupe<br \/>\nMedidas: 0,71 profundidad x 0,73 ancho x 0,71 altura mts.<\/h6>\n","protected":false},"excerpt":{"rendered":"<p>Caracter\u00edsticas: &#8211; Estructura de Aluminio con tratamiento de pintura epoxi secado a altas temperaturas para su mayor durabilidad a la intemperie &#8211; Con Ratan sint\u00e9tico el cual tiene un tratamiento anti UV para protegerlo del deterioro causado por la exposici\u00f3n al sol, este ratan sint\u00e9tico est\u00e1 constituido por PVC virgen para evitar el desgaste prematuro [&hellip;]<\/p>\n","protected":false},"featured_media":1555,"template":"","meta":{"_genesis_hide_title":false,"_genesis_hide_breadcrumbs":false,"_genesis_hide_singular_image":false,"_genesis_hide_footer_widgets":false,"_genesis_custom_body_class":"","_genesis_custom_post_class":"","_genesis_layout":"full-width-content"},"product_cat":[43,45,72],"product_tag":[],"yoast_head":"<!-- This site is optimized with the Yoast SEO plugin v19.6.1 - https:\/\/yoast.com\/wordpress\/plugins\/seo\/ -->\n<title>Sof\u00e1 Yuanyue individual - Casa Nu\u00f1ez Jard\u00edn<\/title>\n<meta name=\"robots\" content=\"index, follow, max-snippet:-1, max-image-preview:large, max-video-preview:-1\" \/>\n<link rel=\"canonical\" href=\"https:\/\/www.casanunez.com.ar\/catalogo\/producto\/sofa-yuanyue\/\" \/>\n<meta property=\"og:locale\" content=\"es_ES\" \/>\n<meta property=\"og:type\" content=\"article\" \/>\n<meta property=\"og:title\" content=\"Sof\u00e1 Yuanyue individual - Casa Nu\u00f1ez Jard\u00edn\" \/>\n<meta property=\"og:description\" content=\"Caracter\u00edsticas: &#8211; Estructura de Aluminio con tratamiento de pintura epoxi secado a altas temperaturas para su mayor durabilidad a la intemperie &#8211; Con Ratan sint\u00e9tico el cual tiene un tratamiento anti UV para protegerlo del deterioro causado por la exposici\u00f3n al sol, este ratan sint\u00e9tico est\u00e1 constituido por PVC virgen para evitar el desgaste prematuro [&hellip;]\" \/>\n<meta property=\"og:url\" content=\"https:\/\/www.casanunez.com.ar\/catalogo\/producto\/sofa-yuanyue\/\" \/>\n<meta property=\"og:site_name\" content=\"Casa Nu\u00f1ez Jard\u00edn\" \/>\n<meta property=\"article:modified_time\" content=\"2024-09-03T16:12:04+00:00\" \/>\n<meta property=\"og:image\" content=\"https:\/\/www.casanunez.com.ar\/catalogo\/wp-content\/uploads\/2019\/09\/S001TF.jpg\" \/>\n\t<meta property=\"og:image:width\" content=\"700\" \/>\n\t<meta property=\"og:image:height\" content=\"637\" \/>\n\t<meta property=\"og:image:type\" content=\"image\/jpeg\" \/>\n<meta name=\"twitter:card\" content=\"summary_large_image\" \/>\n<meta name=\"twitter:label1\" content=\"Tiempo de lectura\" \/>\n\t<meta name=\"twitter:data1\" content=\"1 minuto\" \/>\n<script type=\"application\/ld+json\" class=\"yoast-schema-graph\">{\"@context\":\"https:\/\/schema.org\",\"@graph\":[{\"@type\":\"WebPage\",\"@id\":\"https:\/\/www.casanunez.com.ar\/catalogo\/producto\/sofa-yuanyue\/\",\"url\":\"https:\/\/www.casanunez.com.ar\/catalogo\/producto\/sofa-yuanyue\/\",\"name\":\"Sof\u00e1 Yuanyue individual - Casa Nu\u00f1ez Jard\u00edn\",\"isPartOf\":{\"@id\":\"https:\/\/www.casanunez.com.ar\/catalogo\/#website\"},\"datePublished\":\"2019-09-25T20:57:54+00:00\",\"dateModified\":\"2024-09-03T16:12:04+00:00\",\"breadcrumb\":{\"@id\":\"https:\/\/www.casanunez.com.ar\/catalogo\/producto\/sofa-yuanyue\/#breadcrumb\"},\"inLanguage\":\"es\",\"potentialAction\":[{\"@type\":\"ReadAction\",\"target\":[\"https:\/\/www.casanunez.com.ar\/catalogo\/producto\/sofa-yuanyue\/\"]}]},{\"@type\":\"BreadcrumbList\",\"@id\":\"https:\/\/www.casanunez.com.ar\/catalogo\/producto\/sofa-yuanyue\/#breadcrumb\",\"itemListElement\":[{\"@type\":\"ListItem\",\"position\":1,\"name\":\"Portada\",\"item\":\"https:\/\/www.casanunez.com.ar\/catalogo\/\"},{\"@type\":\"ListItem\",\"position\":2,\"name\":\"Cat\u00e1logo\",\"item\":\"https:\/\/www.casanunez.com.ar\/catalogo\/\"},{\"@type\":\"ListItem\",\"position\":3,\"name\":\"Sof\u00e1 Yuanyue individual\"}]},{\"@type\":\"WebSite\",\"@id\":\"https:\/\/www.casanunez.com.ar\/catalogo\/#website\",\"url\":\"https:\/\/www.casanunez.com.ar\/catalogo\/\",\"name\":\"Casa Nu\u00f1ez Jard\u00edn\",\"description\":\"\",\"publisher\":{\"@id\":\"https:\/\/www.casanunez.com.ar\/catalogo\/#organization\"},\"potentialAction\":[{\"@type\":\"SearchAction\",\"target\":{\"@type\":\"EntryPoint\",\"urlTemplate\":\"https:\/\/www.casanunez.com.ar\/catalogo\/?s={search_term_string}\"},\"query-input\":\"required name=search_term_string\"}],\"inLanguage\":\"es\"},{\"@type\":\"Organization\",\"@id\":\"https:\/\/www.casanunez.com.ar\/catalogo\/#organization\",\"name\":\"Casa Nu\u00f1ez Jard\u00edn\",\"url\":\"https:\/\/www.casanunez.com.ar\/catalogo\/\",\"sameAs\":[],\"logo\":{\"@type\":\"ImageObject\",\"inLanguage\":\"es\",\"@id\":\"https:\/\/www.casanunez.com.ar\/catalogo\/#\/schema\/logo\/image\/\",\"url\":\"https:\/\/www.casanunez.com.ar\/catalogo\/wp-content\/uploads\/2025\/07\/cropped-CN-LOGO-SIN-FONDO-MINI.png\",\"contentUrl\":\"https:\/\/www.casanunez.com.ar\/catalogo\/wp-content\/uploads\/2025\/07\/cropped-CN-LOGO-SIN-FONDO-MINI.png\",\"width\":464,\"height\":177,\"caption\":\"Casa Nu\u00f1ez Jard\u00edn\"},\"image\":{\"@id\":\"https:\/\/www.casanunez.com.ar\/catalogo\/#\/schema\/logo\/image\/\"}}]}<\/script>\n<!-- \/ Yoast SEO plugin. -->","yoast_head_json":{"title":"Sof\u00e1 Yuanyue individual - Casa Nu\u00f1ez Jard\u00edn","robots":{"index":"index","follow":"follow","max-snippet":"max-snippet:-1","max-image-preview":"max-image-preview:large","max-video-preview":"max-video-preview:-1"},"canonical":"https:\/\/www.casanunez.com.ar\/catalogo\/producto\/sofa-yuanyue\/","og_locale":"es_ES","og_type":"article","og_title":"Sof\u00e1 Yuanyue individual - Casa Nu\u00f1ez Jard\u00edn","og_description":"Caracter\u00edsticas: &#8211; Estructura de Aluminio con tratamiento de pintura epoxi secado a altas temperaturas para su mayor durabilidad a la intemperie &#8211; Con Ratan sint\u00e9tico el cual tiene un tratamiento anti UV para protegerlo del deterioro causado por la exposici\u00f3n al sol, este ratan sint\u00e9tico est\u00e1 constituido por PVC virgen para evitar el desgaste prematuro [&hellip;]","og_url":"https:\/\/www.casanunez.com.ar\/catalogo\/producto\/sofa-yuanyue\/","og_site_name":"Casa Nu\u00f1ez Jard\u00edn","article_modified_time":"2024-09-03T16:12:04+00:00","og_image":[{"width":700,"height":637,"url":"https:\/\/www.casanunez.com.ar\/catalogo\/wp-content\/uploads\/2019\/09\/S001TF.jpg","type":"image\/jpeg"}],"twitter_card":"summary_large_image","twitter_misc":{"Tiempo de lectura":"1 minuto"},"schema":{"@context":"https:\/\/schema.org","@graph":[{"@type":"WebPage","@id":"https:\/\/www.casanunez.com.ar\/catalogo\/producto\/sofa-yuanyue\/","url":"https:\/\/www.casanunez.com.ar\/catalogo\/producto\/sofa-yuanyue\/","name":"Sof\u00e1 Yuanyue individual - Casa Nu\u00f1ez Jard\u00edn","isPartOf":{"@id":"https:\/\/www.casanunez.com.ar\/catalogo\/#website"},"datePublished":"2019-09-25T20:57:54+00:00","dateModified":"2024-09-03T16:12:04+00:00","breadcrumb":{"@id":"https:\/\/www.casanunez.com.ar\/catalogo\/producto\/sofa-yuanyue\/#breadcrumb"},"inLanguage":"es","potentialAction":[{"@type":"ReadAction","target":["https:\/\/www.casanunez.com.ar\/catalogo\/producto\/sofa-yuanyue\/"]}]},{"@type":"BreadcrumbList","@id":"https:\/\/www.casanunez.com.ar\/catalogo\/producto\/sofa-yuanyue\/#breadcrumb","itemListElement":[{"@type":"ListItem","position":1,"name":"Portada","item":"https:\/\/www.casanunez.com.ar\/catalogo\/"},{"@type":"ListItem","position":2,"name":"Cat\u00e1logo","item":"https:\/\/www.casanunez.com.ar\/catalogo\/"},{"@type":"ListItem","position":3,"name":"Sof\u00e1 Yuanyue individual"}]},{"@type":"WebSite","@id":"https:\/\/www.casanunez.com.ar\/catalogo\/#website","url":"https:\/\/www.casanunez.com.ar\/catalogo\/","name":"Casa Nu\u00f1ez Jard\u00edn","description":"","publisher":{"@id":"https:\/\/www.casanunez.com.ar\/catalogo\/#organization"},"potentialAction":[{"@type":"SearchAction","target":{"@type":"EntryPoint","urlTemplate":"https:\/\/www.casanunez.com.ar\/catalogo\/?s={search_term_string}"},"query-input":"required name=search_term_string"}],"inLanguage":"es"},{"@type":"Organization","@id":"https:\/\/www.casanunez.com.ar\/catalogo\/#organization","name":"Casa Nu\u00f1ez Jard\u00edn","url":"https:\/\/www.casanunez.com.ar\/catalogo\/","sameAs":[],"logo":{"@type":"ImageObject","inLanguage":"es","@id":"https:\/\/www.casanunez.com.ar\/catalogo\/#\/schema\/logo\/image\/","url":"https:\/\/www.casanunez.com.ar\/catalogo\/wp-content\/uploads\/2025\/07\/cropped-CN-LOGO-SIN-FONDO-MINI.png","contentUrl":"https:\/\/www.casanunez.com.ar\/catalogo\/wp-content\/uploads\/2025\/07\/cropped-CN-LOGO-SIN-FONDO-MINI.png","width":464,"height":177,"caption":"Casa Nu\u00f1ez Jard\u00edn"},"image":{"@id":"https:\/\/www.casanunez.com.ar\/catalogo\/#\/schema\/logo\/image\/"}}]}},"_links":{"self":[{"href":"https:\/\/www.casanunez.com.ar\/catalogo\/wp-json\/wp\/v2\/product\/1556"}],"collection":[{"href":"https:\/\/www.casanunez.com.ar\/catalogo\/wp-json\/wp\/v2\/product"}],"about":[{"href":"https:\/\/www.casanunez.com.ar\/catalogo\/wp-json\/wp\/v2\/types\/product"}],"wp:featuredmedia":[{"embeddable":true,"href":"https:\/\/www.casanunez.com.ar\/catalogo\/wp-json\/wp\/v2\/media\/1555"}],"wp:attachment":[{"href":"https:\/\/www.casanunez.com.ar\/catalogo\/wp-json\/wp\/v2\/media?parent=1556"}],"wp:term":[{"taxonomy":"product_cat","embeddable":true,"href":"https:\/\/www.casanunez.com.ar\/catalogo\/wp-json\/wp\/v2\/product_cat?post=1556"},{"taxonomy":"product_tag","embeddable":true,"href":"https:\/\/www.casanunez.com.ar\/catalogo\/wp-json\/wp\/v2\/product_tag?post=1556"}],"curies":[{"name":"wp","href":"https:\/\/api.w.org\/{rel}","templated":true}]}}